{"id":23,"date":"2013-01-10T10:25:44","date_gmt":"2013-01-10T10:25:44","guid":{"rendered":"http:\/\/podcampus.phwien.ac.at\/fopa\/?page_id=23"},"modified":"2014-10-21T14:31:49","modified_gmt":"2014-10-21T14:31:49","slug":"team","status":"publish","type":"page","link":"https:\/\/podcampus.phwien.ac.at\/fopa\/team\/","title":{"rendered":"Team"},"content":{"rendered":"<p><a href=\"http:\/\/podcampus.phwien.ac.at\/fopa\/files\/2013\/01\/chb_1.jpg\"><img loading=\"lazy\" decoding=\"async\" class=\"wp-image-24 alignleft\" style=\"margin: 5px;\" title=\"chb_1\" src=\"http:\/\/podcampus.phwien.ac.at\/fopa\/files\/2013\/01\/chb_1.jpg\" alt=\"\" width=\"100\" height=\"119\" \/><\/a><strong> Christian Berger, MA<br \/>\n<\/strong>Mitarbeiter am <a href=\"http:\/\/podcampus.phwien.ac.at\/zli\" target=\"_blank\">Zentrum f\u00fcr Lerntechnologie und Innovation der P\u00e4dagogischen Hochschule Wien<\/a>. Arbeitsschwerpunkte: virtuelle Lernumgebungen, Audioarbeit in der Schule.<br \/>\n<em>In diesem Projekt: Projektleitung<\/em><\/p>\n<p><strong><a href=\"http:\/\/podcampus.phwien.ac.at\/fopa\/files\/2013\/01\/Profilfoto1.jpg\"><img loading=\"lazy\" decoding=\"async\" class=\"alignleft  wp-image-326\" title=\"Profilfoto DF\" src=\"http:\/\/podcampus.phwien.ac.at\/fopa\/files\/2013\/01\/Profilfoto1-150x150.jpg\" alt=\"\" width=\"96\" height=\"96\" \/><\/a>Mag.a Daniela F\u00fcrst<br \/>\n<\/strong>Kultur- und Mediensoziologin mit Schwerpunkt &#8222;Auditive Medienrezeption&#8220;.<br \/>\n<em>In diesem Projekt: wissenschaftliche Mitarbeiterin<\/em><\/p>\n<p><strong><a href=\"http:\/\/podcampus.phwien.ac.at\/fopa\/files\/2013\/01\/DSCN03951.jpg\"><img loading=\"lazy\" decoding=\"async\" class=\"alignleft  wp-image-107\" title=\"Luckner\" src=\"http:\/\/podcampus.phwien.ac.at\/fopa\/files\/2013\/01\/DSCN03951-150x150.jpg\" alt=\"\" width=\"106\" height=\"106\" \/><\/a>Katharina Luckner, MA<\/strong><br \/>\nAbsolventin des Bachelor- und Masterstudiums Bildungswissenschaft an der Universit\u00e4t Wien.<br \/>\n<em>In diesem Projekt: wissenschaftliche Mitarbeiterin<\/em><\/p>\n<p>&nbsp;<\/p>\n<p><a href=\"http:\/\/podcampus.phwien.ac.at\/fopa\/files\/2013\/01\/Hilzensauer.jpg\"><img loading=\"lazy\" decoding=\"async\" class=\"alignleft\" title=\"Hilzensauer\" src=\"http:\/\/podcampus.phwien.ac.at\/fopa\/files\/2013\/01\/Hilzensauer-140x150.jpg\" alt=\"Wolf Hilzensauer\" width=\"99\" height=\"107\" \/><\/a><strong>Mag. Wolf Hilzensauer<\/strong><br \/>\nLehrbeauftragter an der P\u00e4dagogischen Hochschule Salzburg.<br \/>\n<em>In diesem Projekt: wissenschaftlicher Mitarbeiter<\/em><\/p>\n<p>&nbsp;<\/p>\n<p><strong><img loading=\"lazy\" decoding=\"async\" class=\"alignleft\" style=\"margin: 5px;\" title=\"Scheidl Gerhard\" src=\"http:\/\/podcampus.phwien.ac.at\/medienkultur\/files\/2010\/11\/scheidl_klein1.jpg\" alt=\"\" width=\"99\" height=\"108\" \/><\/strong><strong>Dr. Gerhard Scheidl<br \/>\n<\/strong>Leiter des <a href=\"http:\/\/www.phwien.ac.at\/zmb\" target=\"_blank\">Zentrum f\u00fcr Medienbildung der P\u00e4dagogischen Hochschule Wien<\/a>. Arbeitsschwerpunkte: virtuelle Lernumgebungen, Game based Learning, Didaktik des Computereinsatzes im Unterrricht.<strong><br \/>\n<\/strong><em>In diesem Projekt: wissenschaftlicher Mitarbeiter<\/em><\/p>\n<p><img loading=\"lazy\" decoding=\"async\" class=\"alignleft\" style=\"margin: 5px;\" title=\"Dr. Christian Swertz\" src=\"http:\/\/www.medienimpulse.at\/img\/frontend\/christian-swertz.jpg\" alt=\"\" width=\"100\" height=\"124\" \/><\/p>\n<p><strong>Dr. Christian Swertz<br \/>\n<\/strong> Leiter der <a href=\"http:\/\/medienpaedagogik.univie.ac.at\" target=\"_blank\">Wiener Medienp\u00e4dagogik an der Universit\u00e4t <\/a>Wien. Forschungssschwerpunkte der Wiener Medienp\u00e4dagogik sind dabei Bildungstheorie der Medien, Mediendidaktik und E-Learning, p\u00e4dagogische Computerspielforschung und die Medienbildung im schulischen und au\u00dferschulischen Bereich.<br \/>\n<em>In diesem Projekt: wissenschaftliche Leitung<\/em><\/p>\n<p><strong><br \/>\n<\/strong><\/p>\n<p><strong><br \/>\n<\/strong><\/p>\n<p>&nbsp;<\/p>\n","protected":false},"excerpt":{"rendered":"<p>Christian Berger, MA Mitarbeiter am Zentrum f\u00fcr Lerntechnologie und Innovation der P\u00e4dagogischen Hochschule Wien. Arbeitsschwerpunkte: virtuelle Lernumgebungen, Audioarbeit in der Schule. In diesem Projekt: Projektleitung Mag.a Daniela F\u00fcrst Kultur- und Mediensoziologin mit Schwerpunkt &#8222;Auditive Medienrezeption&#8220;. In diesem Projekt: wissenschaftliche Mitarbeiterin &hellip; <a href=\"https:\/\/podcampus.phwien.ac.at\/fopa\/team\/\">Continue reading <span class=\"meta-nav\">&rarr;<\/span><\/a><\/p>\n","protected":false},"author":4,"featured_media":109,"parent":0,"menu_order":0,"comment_status":"closed","ping_status":"closed","template":"","meta":{"footnotes":""},"class_list":["post-23","page","type-page","status-publish","has-post-thumbnail","hentry"],"acf":[],"_links":{"self":[{"href":"https:\/\/podcampus.phwien.ac.at\/fopa\/wp-json\/wp\/v2\/pages\/23","targetHints":{"allow":["GET"]}}],"collection":[{"href":"https:\/\/podcampus.phwien.ac.at\/fopa\/wp-json\/wp\/v2\/pages"}],"about":[{"href":"https:\/\/podcampus.phwien.ac.at\/fopa\/wp-json\/wp\/v2\/types\/page"}],"author":[{"embeddable":true,"href":"https:\/\/podcampus.phwien.ac.at\/fopa\/wp-json\/wp\/v2\/users\/4"}],"replies":[{"embeddable":true,"href":"https:\/\/podcampus.phwien.ac.at\/fopa\/wp-json\/wp\/v2\/comments?post=23"}],"version-history":[{"count":25,"href":"https:\/\/podcampus.phwien.ac.at\/fopa\/wp-json\/wp\/v2\/pages\/23\/revisions"}],"predecessor-version":[{"id":371,"href":"https:\/\/podcampus.phwien.ac.at\/fopa\/wp-json\/wp\/v2\/pages\/23\/revisions\/371"}],"wp:featuredmedia":[{"embeddable":true,"href":"https:\/\/podcampus.phwien.ac.at\/fopa\/wp-json\/wp\/v2\/media\/109"}],"wp:attachment":[{"href":"https:\/\/podcampus.phwien.ac.at\/fopa\/wp-json\/wp\/v2\/media?parent=23"}],"curies":[{"name":"wp","href":"https:\/\/api.w.org\/{rel}","templated":true}]}}